{"id":86,"date":"2019-11-01T10:08:52","date_gmt":"2019-11-01T10:08:52","guid":{"rendered":"https:\/\/lernspatzen.de\/?page_id=86"},"modified":"2020-09-10T10:58:59","modified_gmt":"2020-09-10T10:58:59","slug":"betreuung","status":"publish","type":"page","link":"https:\/\/lernspatzen.de\/?page_id=86","title":{"rendered":"Schwerpunkte &#8211; Hort"},"content":{"rendered":"\n<p><strong>In unserem Hort sollen sich alle Kinder wohl und\ngeborgen f\u00fchlen. <\/strong><\/p>\n\n\n\n<p>\u00d6ffnungszeiten 6 \u2013 17 Uhr<\/p>\n\n\n\n<p>Tagesablauf <\/p>\n\n\n\n<ul class=\"wp-block-list\"><li>Fr\u00fchhort 6 -7:45 Uhr im Hortraum in der unteren Etage<\/li><li>\u00dcbernahme der Kinder nach Schulschluss<\/li><li>Gemeinsames Mittagessen<\/li><li>Erholungspause bei Sport und Spiel im gro\u00dfen Au\u00dfengel\u00e4nde<\/li><li>Erledigung der Hausaufgaben<\/li><li>Am Nachmittag Arbeitsgemeinschaften, individuelle Angebote, Sport und Spiel im Freien<\/li><li>Sp\u00e4thort 16 \u2013 17 Uhr im Hortraum in der unteren Etage<\/li><\/ul>\n\n\n\n<figure class=\"wp-block-image\"><img loading=\"lazy\" decoding=\"async\" width=\"1024\" height=\"683\" src=\"https:\/\/lernspatzen.de\/wp-content\/uploads\/2020\/09\/IMG_0315-1-1024x683.jpg\" alt=\"\" class=\"wp-image-853\" srcset=\"https:\/\/lernspatzen.de\/wp-content\/uploads\/2020\/09\/IMG_0315-1-1024x683.jpg 1024w, https:\/\/lernspatzen.de\/wp-content\/uploads\/2020\/09\/IMG_0315-1-300x200.jpg 300w, https:\/\/lernspatzen.de\/wp-content\/uploads\/2020\/09\/IMG_0315-1-768x512.jpg 768w\" sizes=\"auto, (max-width: 1024px) 100vw, 1024px\" \/><figcaption>einer der Hortr\u00e4ume<\/figcaption><\/figure>\n\n\n\n<p>Wir Erzieherinnen arbeiten am Schulvormittag in Zweitbesetzung im Unterricht, um die Lehrer zu unterst\u00fctzen und Kinder in Einzelbetreuung zu f\u00f6rdern.<\/p>\n\n\n\n<figure class=\"wp-block-image\"><img loading=\"lazy\" decoding=\"async\" width=\"1024\" height=\"683\" src=\"https:\/\/lernspatzen.de\/wp-content\/uploads\/2020\/09\/IMG_0332-1024x683.jpg\" alt=\"\" class=\"wp-image-854\" srcset=\"https:\/\/lernspatzen.de\/wp-content\/uploads\/2020\/09\/IMG_0332-1024x683.jpg 1024w, https:\/\/lernspatzen.de\/wp-content\/uploads\/2020\/09\/IMG_0332-300x200.jpg 300w, https:\/\/lernspatzen.de\/wp-content\/uploads\/2020\/09\/IMG_0332-768x512.jpg 768w\" sizes=\"auto, (max-width: 1024px) 100vw, 1024px\" \/><figcaption>auch f\u00fcr schlechtes Wetter haben wir viel zu bieten<\/figcaption><\/figure>\n\n\n\n<p>W\u00e4hrend der Hausaufgaben sorgen die Erzieherinnen f\u00fcr eine ruhige Atmosph\u00e4re, um konzentriertes und gewissenhaftes Arbeiten zu gew\u00e4hrleisten. F\u00fcr Vollst\u00e4ndigkeit und Richtigkeit der Aufgaben k\u00f6nnen wir nicht garantieren. Wir motivieren die Kinder ihren Pflichten gewissenhaft nachzukommen und helfen gern bei auftretenden Problemen.<\/p>\n\n\n\n<ul class=\"wp-block-gallery columns-2 is-cropped wp-block-gallery-1 is-layout-flex wp-block-gallery-is-layout-flex\"><li class=\"blocks-gallery-item\"><figure><img loading=\"lazy\" decoding=\"async\" width=\"1024\" height=\"683\" src=\"https:\/\/lernspatzen.de\/wp-content\/uploads\/2020\/09\/IMG_0313-1024x683.jpg\" alt=\"\" data-id=\"831\" data-link=\"https:\/\/lernspatzen.de\/?attachment_id=831\" class=\"wp-image-831\" srcset=\"https:\/\/lernspatzen.de\/wp-content\/uploads\/2020\/09\/IMG_0313-1024x683.jpg 1024w, https:\/\/lernspatzen.de\/wp-content\/uploads\/2020\/09\/IMG_0313-300x200.jpg 300w, https:\/\/lernspatzen.de\/wp-content\/uploads\/2020\/09\/IMG_0313-768x512.jpg 768w\" sizes=\"auto, (max-width: 1024px) 100vw, 1024px\" \/><\/figure><\/li><li class=\"blocks-gallery-item\"><figure><img loading=\"lazy\" decoding=\"async\" width=\"1024\" height=\"683\" src=\"https:\/\/lernspatzen.de\/wp-content\/uploads\/2020\/09\/IMG_0311-1024x683.jpg\" alt=\"\" data-id=\"830\" data-link=\"https:\/\/lernspatzen.de\/?attachment_id=830\" class=\"wp-image-830\" srcset=\"https:\/\/lernspatzen.de\/wp-content\/uploads\/2020\/09\/IMG_0311-1024x683.jpg 1024w, https:\/\/lernspatzen.de\/wp-content\/uploads\/2020\/09\/IMG_0311-300x200.jpg 300w, https:\/\/lernspatzen.de\/wp-content\/uploads\/2020\/09\/IMG_0311-768x512.jpg 768w\" sizes=\"auto, (max-width: 1024px) 100vw, 1024px\" \/><figcaption>Nestschauckel<\/figcaption><\/figure><\/li><\/ul>\n\n\n\n<figure class=\"wp-block-image\"><img loading=\"lazy\" decoding=\"async\" width=\"1024\" height=\"647\" src=\"https:\/\/lernspatzen.de\/wp-content\/uploads\/2020\/09\/IMG_0300-e1599734792932-1024x647.jpg\" alt=\"\" class=\"wp-image-827\" srcset=\"https:\/\/lernspatzen.de\/wp-content\/uploads\/2020\/09\/IMG_0300-e1599734792932-1024x647.jpg 1024w, https:\/\/lernspatzen.de\/wp-content\/uploads\/2020\/09\/IMG_0300-e1599734792932-300x190.jpg 300w, https:\/\/lernspatzen.de\/wp-content\/uploads\/2020\/09\/IMG_0300-e1599734792932-768x486.jpg 768w\" sizes=\"auto, (max-width: 1024px) 100vw, 1024px\" \/><figcaption>der Schulhof bietet viel Platz<\/figcaption><\/figure>\n","protected":false},"excerpt":{"rendered":"<p>In unserem Hort sollen sich alle Kinder wohl und geborgen f\u00fchlen. \u00d6ffnungszeiten 6 \u2013 17 Uhr Tagesablauf Fr\u00fchhort 6 -7:45 Uhr im Hortraum in der unteren Etage \u00dcbernahme der Kinder nach Schulschluss Gemeinsames Mittagessen Erholungspause bei Sport und Spiel im gro\u00dfen Au\u00dfengel\u00e4nde Erledigung der Hausaufgaben Am Nachmittag Arbeitsgemeinschaften, individuelle Angebote, Sport und Spiel im Freien [&hellip;]<\/p>\n","protected":false},"author":1,"featured_media":0,"parent":0,"menu_order":0,"comment_status":"closed","ping_status":"closed","template":"","meta":{"footnotes":""},"class_list":["post-86","page","type-page","status-publish","hentry"],"_links":{"self":[{"href":"https:\/\/lernspatzen.de\/index.php?rest_route=\/wp\/v2\/pages\/86","targetHints":{"allow":["GET"]}}],"collection":[{"href":"https:\/\/lernspatzen.de\/index.php?rest_route=\/wp\/v2\/pages"}],"about":[{"href":"https:\/\/lernspatzen.de\/index.php?rest_route=\/wp\/v2\/types\/page"}],"author":[{"embeddable":true,"href":"https:\/\/lernspatzen.de\/index.php?rest_route=\/wp\/v2\/users\/1"}],"replies":[{"embeddable":true,"href":"https:\/\/lernspatzen.de\/index.php?rest_route=%2Fwp%2Fv2%2Fcomments&post=86"}],"version-history":[{"count":9,"href":"https:\/\/lernspatzen.de\/index.php?rest_route=\/wp\/v2\/pages\/86\/revisions"}],"predecessor-version":[{"id":856,"href":"https:\/\/lernspatzen.de\/index.php?rest_route=\/wp\/v2\/pages\/86\/revisions\/856"}],"wp:attachment":[{"href":"https:\/\/lernspatzen.de\/index.php?rest_route=%2Fwp%2Fv2%2Fmedia&parent=86"}],"curies":[{"name":"wp","href":"https:\/\/api.w.org\/{rel}","templated":true}]}}